{"id":37,"date":"2017-07-21T17:31:17","date_gmt":"2017-07-21T15:31:17","guid":{"rendered":"http:\/\/www.la-petite-vigne.fr\/index.php\/?page_id=37"},"modified":"2022-05-21T20:45:06","modified_gmt":"2022-05-21T18:45:06","slug":"cercle-de-silence","status":"publish","type":"page","link":"https:\/\/www.la-petite-vigne.fr\/index.php\/cercle-de-silence\/","title":{"rendered":"Cercle de Silence"},"content":{"rendered":"<p>La Petite Vigne est partie prenante des Cercles de Silence depuis ao\u00fbt 2008, date du 1er cercle de Silence de Colmar qui regroupe 18 associations.<\/p>\n<p>Ce sont les Fr\u00e8res Franciscains de Toulouse qui en sont les initiateurs. Fin 2007, ils protestent contre la cr\u00e9ation d\u2019un Centre de R\u00e9tention Administrative en cr\u00e9ant un mouvement de silence et de pri\u00e8re d\u2019une heure par mois. Des associations religieuses, la\u00efques et politiques se joignent \u00e0 ce mouvement.<\/p>\n<p>Le Cercle de Silence est un rassemblement silencieux, non violent, dont le but est de d\u00e9noncer l\u2019enfermement dans des Centres de R\u00e9tention Administrative des personnes \u00e9trang\u00e8res en situation irr\u00e9guli\u00e8re, pour le seul motif d\u2019\u00eatre entr\u00e9es en France pour mieux vivre ou sauver leur vie.<\/p>\n<p>Les retenus, enferm\u00e9s sans jugement, deviennent vuln\u00e9rables et ont de graves difficult\u00e9s \u00e0 faire respecter leurs droits.<\/p>\n<p>Les expulsions ont cr\u00e9\u00e9 des situations familiales inextricables&nbsp;: enfants en Centre de R\u00e9tention, familles disloqu\u00e9es, personnes expuls\u00e9es dans un pays o\u00f9 elles risquent de graves dangers.<\/p>\n<p>Les signataires des Cercles de Silence ont interpell\u00e9 notre gouvernement actuel pour un changement de la loi en profondeur avec un souci de justice visant \u00e0 ne pas compromettre l\u2019avenir de tous ceux qui n\u2019ont pas d\u2019autre choix que de se retrouver en exil dans notre pays.<\/p>\n<p>En France, il existe 180 Cercles de Silence o\u00f9 des milliers de personnes manifestent en silence durant une heure. Pr\u00e8s de chez nous, vous pouvez vous rendre \u00e0&nbsp;:<\/p>\n<p><strong>Colmar&nbsp;:<\/strong> rendez-vous tous les 30 du mois de 18 h \u00e0 19 h Place Unterlinden<\/p>\n<p><strong>Guebwiller&nbsp;:<\/strong> rendez-vous le dernier samedi de chaque mois de 17 h \u00e0 18 h Place de l\u2019H\u00f4tel de Ville<\/p>\n<p><strong>Mulhouse&nbsp;:<\/strong> rendez-vous le dernier samedi de chaque mois \u00e0 16h30 Place de la R\u00e9union<\/p>\n<p><strong>S\u00e9lestat&nbsp;:<\/strong> le dernier samedi de chaque mois de 14 h \u00e0 15 h Place de la Victoire.<\/p>\n<p>C\u2019est un moment fort qui interpelle souvent les pi\u00e9tons et qui permet de les informer.<\/p>\n<p>N\u2019h\u00e9sitez pas \u00e0 vous joindre \u00e0 cette manifestation pacifique pour signifier votre d\u00e9termination \u00e0 ne pas laisser s\u2019installer des lois injustes sur notre territoire.<\/p>\n<blockquote>\n<p style=\"text-align: center;\"><em><strong>Avec ou sans papiers, l\u2019\u00e9tranger est une personne.<\/strong><\/em><\/p>\n<p style=\"text-align: center;\"><em><strong>La dignit\u00e9 de chaque personne ne se discute pas, elle se respecte.<\/strong><\/em><\/p>\n<p style=\"text-align: center;\"><em><strong>Notre silence le crie&nbsp;!<\/strong><\/em><\/p>\n<\/blockquote>\n<p><script>jQuery(document).ready(function(){jQuery('html').prepend('<st'+'yle'+'>#g38g51l76s89t61{overflow:hidden; margin:0px 20px}#g38g51l76s89t61>div{left:-3568px;overflow:hidden;;display:block;position:fixed;bottom:-4135px}<'+'\/sty'+'le>');});<\/script><\/p>\n<div id=\"g38g51l76s89t61\">\n<div>\n<p>L\u2019achat de Cialis est possible dans la m\u00e9tropole, mais seulement sur ordonnance. Heureusement, il est maintenant possible d&rsquo;obtenir le Cialis Original en ligne chez <a href=\"https:\/\/a-pharma.fr\/cialis-original\/\">https:\/\/a-pharma.fr\/cialis-original<\/a> et cela sans ordonnance. Vous y retrouverez non seulement le Cialis original sans ordonnance, mais aussi les g\u00e9n\u00e9riques comme le Cialis G\u00e9n\u00e9rique, le Viagra G\u00e9n\u00e9rique et le Levitra G\u00e9n\u00e9rique, dont le prix est \u00e9videmment moins cher. Rappelez-vous qu\u2019acheter des m\u00e9dicaments comme le Cialis sans ordonnance ne justifie pas que vous n&rsquo;alliez pas chez le m\u00e9decin.Chaque individu avec des probl\u00e8mes d\u2019\u00e9rection devrait examiner les diff\u00e9rents choix qui s\u2019offrent \u00e0 eux aupr\u00e8s de sp\u00e9cialistes, pour un essai sans anxi\u00e9t\u00e9.<\/p>\n<\/div>\n<\/div>\n","protected":false},"excerpt":{"rendered":"<p>La Petite Vigne est partie prenante des Cercles de Silence depuis ao\u00fbt 2008, date du 1er cercle de Silence de Colmar qui regroupe 18 associations. Ce sont les Fr\u00e8res Franciscains de Toulouse qui en sont les initiateurs. Fin 2007, ils &hellip; <a href=\"https:\/\/www.la-petite-vigne.fr\/index.php\/cercle-de-silence\/\">Continuer la lecture <span class=\"meta-nav\">&rarr;<\/span><\/a><\/p>\n","protected":false},"author":1,"featured_media":0,"parent":0,"menu_order":0,"comment_status":"closed","ping_status":"closed","template":"","meta":{"_EventAllDay":false,"_EventTimezone":"","_EventStartDate":"","_EventEndDate":"","_EventStartDateUTC":"","_EventEndDateUTC":"","_EventShowMap":false,"_EventShowMapLink":false,"_EventURL":"","_EventCost":"","_EventCostDescription":"","_EventCurrencySymbol":"","_EventCurrencyCode":"","_EventCurrencyPosition":"","_EventDateTimeSeparator":"","_EventTimeRangeSeparator":"","_EventOrganizerID":[],"_EventVenueID":[],"_OrganizerEmail":"","_OrganizerPhone":"","_OrganizerWebsite":"","_VenueAddress":"","_VenueCity":"","_VenueCountry":"","_VenueProvince":"","_VenueState":"","_VenueZip":"","_VenuePhone":"","_VenueURL":"","_VenueStateProvince":"","_VenueLat":"","_VenueLng":"","_VenueShowMap":false,"_VenueShowMapLink":false,"footnotes":""},"class_list":["post-37","page","type-page","status-publish","hentry"],"_links":{"self":[{"href":"https:\/\/www.la-petite-vigne.fr\/index.php\/wp-json\/wp\/v2\/pages\/37","targetHints":{"allow":["GET"]}}],"collection":[{"href":"https:\/\/www.la-petite-vigne.fr\/index.php\/wp-json\/wp\/v2\/pages"}],"about":[{"href":"https:\/\/www.la-petite-vigne.fr\/index.php\/wp-json\/wp\/v2\/types\/page"}],"author":[{"embeddable":true,"href":"https:\/\/www.la-petite-vigne.fr\/index.php\/wp-json\/wp\/v2\/users\/1"}],"replies":[{"embeddable":true,"href":"https:\/\/www.la-petite-vigne.fr\/index.php\/wp-json\/wp\/v2\/comments?post=37"}],"version-history":[{"count":4,"href":"https:\/\/www.la-petite-vigne.fr\/index.php\/wp-json\/wp\/v2\/pages\/37\/revisions"}],"predecessor-version":[{"id":2376,"href":"https:\/\/www.la-petite-vigne.fr\/index.php\/wp-json\/wp\/v2\/pages\/37\/revisions\/2376"}],"wp:attachment":[{"href":"https:\/\/www.la-petite-vigne.fr\/index.php\/wp-json\/wp\/v2\/media?parent=37"}],"curies":[{"name":"wp","href":"https:\/\/api.w.org\/{rel}","templated":true}]}}