{"id":15,"date":"2017-07-21T17:11:39","date_gmt":"2017-07-21T15:11:39","guid":{"rendered":"http:\/\/www.la-petite-vigne.fr\/index.php\/?page_id=15"},"modified":"2019-09-30T19:06:04","modified_gmt":"2019-09-30T17:06:04","slug":"historique","status":"publish","type":"page","link":"https:\/\/www.la-petite-vigne.fr\/index.php\/page-d-exemple\/historique\/","title":{"rendered":"Historique"},"content":{"rendered":"<p>Le \u00ab centre d\u2019animation et de formation \u00bb a vu le jour le 7 f\u00e9vrier 1979 \u00e0 Bennwihr, gr\u00e2ce \u00e0 la conjonction de trois \u00e9l\u00e9ments :<\/p>\n<p>\u2013 Le souhait de Mlle Marie Eschbach de faire don de sa propri\u00e9t\u00e9 \u00e0 l\u2019Eglise,<\/p>\n<p>\u2013 La volont\u00e9 d\u2019un groupe de personnes, l\u2019Abb\u00e9 Jean Paul Gaschy, Soeur Estelle Wolf et Soeur Marlyse Scherb, de constituer une communaut\u00e9 de la\u00efcs, religieux et pr\u00eatres.<\/p>\n<p>\u2013 Le soutien et la r\u00e9flexion des mouvements d\u2019Action Catholique, mais aussi de nombreux amis et b\u00e9n\u00e9voles.<\/p>\n<p>Depuis sa cr\u00e9ation en 1979, une communaut\u00e9 de S\u0153urs de la Divine Providence de Ribeauvill\u00e9 assurait l\u2019accueil et l\u2019animation de ce lieu vivant d\u2019expression de la vie spirituelle et de l\u2019\u00e9coute du monde.<\/p>\n<p>Depuis septembre 2018, S\u0153ur Anne et S\u0153ur Genevi\u00e8ve sont parties.<\/p>\n<p>Nathalie Hammer, coop\u00e9ratrice de la pastorale, a \u00e9t\u00e9 nomm\u00e9e par Mgr Ravel, archev\u00eaque de Strasbourg, animatrice de La Petite Vigne.<\/p>\n<p>Le week-end des 18 et 19 mai 2019, les amis de la Petite Vigne se sont retrouv\u00e9s pour f\u00eater les 40 ans du centre.<\/p>\n<p>Au fil des ans, la Petite Vigne aura marqu\u00e9 des personnes, des personnes auront marqu\u00e9 la Petite Vigne.<\/p>\n<h3 style=\"text-align: center;\"><span style=\"color: #008000;\">T\u00e9moignages<\/span><\/h3>\n<h6 style=\"text-align: left;\">\u00ab Quand nous sommes arriv\u00e9s, nous avons \u00e9t\u00e9 accueillis par une petite dame toute courb\u00e9e, rid\u00e9e, marqu\u00e9e par l\u2019\u00e2ge et une histoire bien remplie. Elle s\u2019appelait Marie Eschbach et elle avait 83 ans. \u00bb<\/h6>\n<h6 style=\"text-align: left;\">(Marlyse Scherb \u2013 Communaut\u00e9 des s\u0153urs de la Divine Providence de Ribeauvill\u00e9)<\/h6>\n<p style=\"text-align: center;\">\u25ca \u25ca \u25ca \u25ca \u25ca<\/p>\n<h6 style=\"text-align: right;\">1989 : naissance de \u00ab l\u2019appellation \u00bb Petite Vigne : \u00ab Ch\u00e8re Petite Vigne ! Te voil\u00e0 devenue grande, irriguant des sarments sur place ou dispers\u00e9s en d\u2019autres lieux o\u00f9 ils produisent un vin d\u00e9licieux et fort go\u00fbt\u00e9 par beaucoup.\u00a0\u00bb<\/h6>\n<h6 style=\"text-align: right;\">(Gilles Becquet \u2013 Fr\u00e8re Missionnaire des campagnes)<\/h6>\n<p style=\"text-align: center;\">\u25ca \u25ca \u25ca \u25ca \u25ca<\/p>\n<h6>\u00ab La Petite Vigne est le r\u00e9sultat d\u2019un processus de transmission : il faut aujourd\u2019hui donner un avenir \u00e0 l\u2019h\u00e9ritage.\u00a0\u00bb<\/h6>\n<h6>(Marcel Lebailly \u2013 sociologue \u2013 20\u00e8me anniversaire)<\/h6>\n<p style=\"text-align: center;\">\u25ca \u25ca \u25ca \u25ca \u25ca<\/p>\n<h6 style=\"text-align: right;\">\u00ab\u00a0Le chemin de Dieu passe par la vie des hommes,ce qui est premier, c\u2019est la vie, les questions, les pr\u00e9occupations de nos contemporains\u2026\u00bb<\/h6>\n<h6 style=\"text-align: right;\">Dossier de presse du 20\u00e8me anniversaire<\/h6>\n<h6 style=\"text-align: center;\">\u25ca \u25ca \u25ca \u25ca\u25ca<\/h6>\n<h6 style=\"text-align: left;\">\u00ab\u00a0De nombreux amis ont, au fil des ann\u00e9es, fait de ce lieu un espace d\u2019accueil, un espace de vie, de solidarit\u00e9 et d\u2019amour.<\/h6>\n<h6 style=\"text-align: left;\">Gr\u00e2ce \u00e0 leur audace, \u00e0 leur exp\u00e9rience et \u00e0 leur sagesse, ils nous ont invit\u00e9s \u00e0 sortir de nos conforts et de nos tranquillit\u00e9s. Ils nous ont provoqu\u00e9s \u00e0 risquer avec eux des chemins de vie nouvelle. Ils ont fait na\u00eetre un lieu de rencontres, de connaissances et de formations.<\/h6>\n<h6 style=\"text-align: left;\">Gr\u00e2ce \u00e0 leur pers\u00e9v\u00e9rance, \u00e0 leur cr\u00e9ativit\u00e9 et \u00e0 leur ouverture, ils nous ont invit\u00e9s \u00e0 aller de l\u2019avant vers des chemins de plus grande libert\u00e9. Ils nous ont ouverts les yeux sur les d\u00e9fis de notre temps et nous ont donn\u00e9 des moyens pour les affronter lucidement et passionn\u00e9ment.\u00a0\u00bb<\/h6>\n<h6 style=\"text-align: left;\">Jean-Paul Gaschy \u2013 Pr\u00e9face du 30\u00e8me anniversaire<\/h6>\n<h6><\/h6>\n","protected":false},"excerpt":{"rendered":"<p>Le \u00ab centre d\u2019animation et de formation \u00bb a vu le jour le 7 f\u00e9vrier 1979 \u00e0 Bennwihr, gr\u00e2ce \u00e0 la conjonction de trois \u00e9l\u00e9ments : \u2013 Le souhait de Mlle Marie Eschbach de faire don de sa propri\u00e9t\u00e9 \u00e0 &hellip; <a href=\"https:\/\/www.la-petite-vigne.fr\/index.php\/page-d-exemple\/historique\/\">Continuer la lecture <span class=\"meta-nav\">&rarr;<\/span><\/a><\/p>\n","protected":false},"author":1,"featured_media":0,"parent":2,"menu_order":0,"comment_status":"closed","ping_status":"closed","template":"","meta":{"_EventAllDay":false,"_EventTimezone":"","_EventStartDate":"","_EventEndDate":"","_EventStartDateUTC":"","_EventEndDateUTC":"","_EventShowMap":false,"_EventShowMapLink":false,"_EventURL":"","_EventCost":"","_EventCostDescription":"","_EventCurrencySymbol":"","_EventCurrencyCode":"","_EventCurrencyPosition":"","_EventDateTimeSeparator":"","_EventTimeRangeSeparator":"","_EventOrganizerID":[],"_EventVenueID":[],"_OrganizerEmail":"","_OrganizerPhone":"","_OrganizerWebsite":"","_VenueAddress":"","_VenueCity":"","_VenueCountry":"","_VenueProvince":"","_VenueState":"","_VenueZip":"","_VenuePhone":"","_VenueURL":"","_VenueStateProvince":"","_VenueLat":"","_VenueLng":"","_VenueShowMap":false,"_VenueShowMapLink":false,"footnotes":""},"class_list":["post-15","page","type-page","status-publish","hentry"],"_links":{"self":[{"href":"https:\/\/www.la-petite-vigne.fr\/index.php\/wp-json\/wp\/v2\/pages\/15","targetHints":{"allow":["GET"]}}],"collection":[{"href":"https:\/\/www.la-petite-vigne.fr\/index.php\/wp-json\/wp\/v2\/pages"}],"about":[{"href":"https:\/\/www.la-petite-vigne.fr\/index.php\/wp-json\/wp\/v2\/types\/page"}],"author":[{"embeddable":true,"href":"https:\/\/www.la-petite-vigne.fr\/index.php\/wp-json\/wp\/v2\/users\/1"}],"replies":[{"embeddable":true,"href":"https:\/\/www.la-petite-vigne.fr\/index.php\/wp-json\/wp\/v2\/comments?post=15"}],"version-history":[{"count":5,"href":"https:\/\/www.la-petite-vigne.fr\/index.php\/wp-json\/wp\/v2\/pages\/15\/revisions"}],"predecessor-version":[{"id":1165,"href":"https:\/\/www.la-petite-vigne.fr\/index.php\/wp-json\/wp\/v2\/pages\/15\/revisions\/1165"}],"up":[{"embeddable":true,"href":"https:\/\/www.la-petite-vigne.fr\/index.php\/wp-json\/wp\/v2\/pages\/2"}],"wp:attachment":[{"href":"https:\/\/www.la-petite-vigne.fr\/index.php\/wp-json\/wp\/v2\/media?parent=15"}],"curies":[{"name":"wp","href":"https:\/\/api.w.org\/{rel}","templated":true}]}}